{"id":736,"date":"2024-05-15T12:28:00","date_gmt":"2024-05-15T11:28:00","guid":{"rendered":"https:\/\/ligugesocial.club\/blog\/?post_type=tribe_events&#038;p=736"},"modified":"2024-05-15T12:28:01","modified_gmt":"2024-05-15T11:28:01","slug":"velorution-a-liguge","status":"publish","type":"tribe_events","link":"https:\/\/ligugesocial.club\/blog\/event\/velorution-a-liguge\/","title":{"rendered":"V\u00e9lorution \u00e0 Ligug\u00e9"},"content":{"rendered":"<div  class=\"tribe-events-schedule tribe-clearfix\" >\n\t<p class=\"tribe-events-schedule__datetime\">\n\t\t<span class=\"tribe-events-schedule__date tribe-events-schedule__date--start\">\n\t\t\t1 juin 2024\t\t<\/span>\n\n\t\t\t\t\t<span class=\"tribe-events-schedule__separator tribe-events-schedule__separator--date\">\n\t\t\t\t @ \t\t\t<\/span>\n\t\t\t<span class=\"tribe-events-schedule__time tribe-events-schedule__time--start\">\n\t\t\t\t11h00\t\t\t<\/span>\n\t\t\n\t\t\t\t\t\t\t\t\t<span class=\"tribe-events-schedule__separator tribe-events-schedule__separator--time\">\n\t\t\t\t\t &#8211; \t\t\t\t<\/span>\n\t\t\t\n\t\t\t\t\t\t\t<span class=\"tribe-events-schedule__time tribe-events-schedule__time--end\">\n\t\t\t\t\t12h00\t\t\t\t<\/span>\n\t\t\t\n\t\t\t\t\t\t<\/p>\n<\/div>\n\n\n\n<p>D\u00e9part place de la Mairie de Ligug\u00e9 direction le march\u00e9 de St Benoit avec pique-nique partag\u00e9 l&rsquo;arriv\u00e9e, en fanfare et animations. (pour les plus motiv\u00e9.e.s un passage par Renaudot).<\/p>\n\n\n\n<p>Venez en famille, entre ami\u00b7e\u00b7s du v\u00e9lo If Retour collectif pr\u00e9vu \u00e0 l&rsquo;issue du pique-nique.<br>Environ 12km aller-retour.<\/p>\n\n\n\n<p>V\u00e9lorution pour une obtenir piste cyclable de Ligug\u00e9 au coll\u00e8ge Renaudot<\/p>\n\n\n<div  class=\"tribe-block tribe-block__event-price\" >\n\t\t\t<span class=\"tribe-block__event-price__cost\"> Gratuit <\/span>\n\t\t<\/div>\n\n\n<div  class=\"tribe-block tribe-block__organizer__details tribe-clearfix\" >\n\t<div class=\"tribe-block__organizer__title\">\n\t\t<h3>Association BIEN \u00e0 Ligug\u00e9<\/h3>\n\t<\/div>\n\t\t\t\t\t<p class=\"tribe-block__organizer__email\">&#098;&#105;&#101;n&#097;lig&#117;&#103;&#101;&#064;gma&#105;&#108;&#046;c&#111;&#109;<\/p>\n\t<\/div>\n\n\n<div  class=\"tribe-block tribe-block__venue tribe-clearfix tribe-block__venue--has-map\" >\n\t\n\t\n<div class=\"tribe-block__venue__meta\">\n\t<div class=\"tribe-block__venue__name\">\n\t\t<h3>Place du march\u00e9 de Saint Beno\u00eet<\/h3>\n\t<\/div>\n\n\t\n\t\t\t\t\t\t<address class=\"tribe-block__venue__address\">\n\t\t\t\t<span class=\"tribe-address\">\n\n<span class=\"tribe-street-address\">Place du 8 Mai 1945<\/span>\n\t\n\t\t<br>\n\t\t<span class=\"tribe-locality\">Saint-Beno\u00eet<\/span><span class=\"tribe-delimiter\">,<\/span>\n\n\n\t<span class=\"tribe-postal-code\">86280<\/span>\n\n\t<span class=\"tribe-country-name\">France<\/span>\n\n<\/span>\n\n\t\t\t\t\t\t\t\t\t<a class=\"tribe-events-gmap\" href=\"https:\/\/maps.google.com\/maps?f=q&#038;source=s_q&#038;hl=en&#038;geocode=&#038;q=Place+du+8+Mai+1945+Saint-Beno%C3%AEt+86280+France\" title=\"Cliquez pour voir une carte Google Map\" target=\"_blank\" rel=\"noreferrer noopener\">+ Google Map<\/a>\t\t\t\t\t\t\t<\/address>\n\t\t\n\t\t\n\t\t\t\n\t<\/div>\n\t\n<div class=\"tribe-block__venue__map\">\n\t\n<iframe loading=\"lazy\"\n  title=\"L\u2018iframe Google maps affichant l\u2019adresse \u00e0 Place du march\u00e9 de Saint Beno\u00eet\"\n  aria-label=\"Plan des lieux\"\n  width=\"310px\"\n  height=\"256px\"\n  frameborder=\"0\" style=\"border:0\"\n  src=\"https:\/\/www.google.com\/maps\/embed\/v1\/place?key=AIzaSyDNsicAsP6-VuGtAb1O9riI3oc_NOb7IOU&#038;q=Place+du+8+Mai+1945+Saint-Beno%C3%AEt+86280+France+&#038;zoom=10\" allowfullscreen>\n<\/iframe>\n<\/div>\n\n\t<\/div>\n\n\n<div  class=\"tribe-block tribe-block__event-website\" >\n\t<a\n\t\thref=\"https:\/\/www.facebook.com\/events\/354607793752965\"\n\t\ttarget=\"_self\"\n\t\t\t>\n\t\tEvent Facebook\t<\/a>\n<\/div>\n\n\n\t<div  class=\"tribe-block tribe-block__events-link\" >\n\t\t<div class=\"tribe-events tribe-common\">\n\t\t\t<div class=\"tribe-events-c-subscribe-dropdown__container\">\n\t\t\t\t<div class=\"tribe-events-c-subscribe-dropdown\">\n\t\t\t\t\t<div class=\"tribe-common-c-btn-border tribe-events-c-subscribe-dropdown__button\">\n\t\t\t\t\t\t<svg\n\t class=\"tribe-common-c-svgicon tribe-common-c-svgicon--cal-export tribe-events-c-subscribe-dropdown__export-icon\" \taria-hidden=\"true\"\n\tviewBox=\"0 0 23 17\"\n\txmlns=\"http:\/\/www.w3.org\/2000\/svg\"\n>\n\t<path fill-rule=\"evenodd\" clip-rule=\"evenodd\" d=\"M.128.896V16.13c0 .211.145.383.323.383h15.354c.179 0 .323-.172.323-.383V.896c0-.212-.144-.383-.323-.383H.451C.273.513.128.684.128.896Zm16 6.742h-.901V4.679H1.009v10.729h14.218v-3.336h.901V7.638ZM1.01 1.614h14.218v2.058H1.009V1.614Z\" \/>\n\t<path d=\"M20.5 9.846H8.312M18.524 6.953l2.89 2.909-2.855 2.855\" stroke-width=\"1.2\" stroke-linecap=\"round\" stroke-linejoin=\"round\"\/>\n<\/svg>\n\t\t\t\t\t\t<button\n\t\t\t\t\t\t\tclass=\"tribe-events-c-subscribe-dropdown__button-text\"\n\t\t\t\t\t\t\taria-expanded=\"false\"\n\t\t\t\t\t\t\taria-controls=\"tribe-events-subscribe-dropdown-content\"\n\t\t\t\t\t\t\taria-label=\"Afficher les liens permettant d\u2019ajouter des \u00e9v\u00e8nements \u00e0 votre calendrier\"\n\t\t\t\t\t\t>\n\t\t\t\t\t\t\tAjouter au calendrier\t\t\t\t\t\t<\/button>\n\t\t\t\t\t\t<svg\n\t class=\"tribe-common-c-svgicon tribe-common-c-svgicon--caret-down tribe-events-c-subscribe-dropdown__button-icon\" \taria-hidden=\"true\"\n\tviewBox=\"0 0 10 7\"\n\txmlns=\"http:\/\/www.w3.org\/2000\/svg\"\n>\n\t<path fill-rule=\"evenodd\" clip-rule=\"evenodd\" d=\"M1.008.609L5 4.6 8.992.61l.958.958L5 6.517.05 1.566l.958-.958z\" class=\"tribe-common-c-svgicon__svg-fill\"\/>\n<\/svg>\n\t\t\t\t\t<\/div>\n\t\t\t\t\t<div id=\"tribe-events-subscribe-dropdown-content\" class=\"tribe-events-c-subscribe-dropdown__content\">\n\t\t\t\t\t\t<ul class=\"tribe-events-c-subscribe-dropdown__list\">\n\t\t\t\t\t\t\t\t\t\t\t\t\t\t\t<li class=\"tribe-events-c-subscribe-dropdown__list-item tribe-events-c-subscribe-dropdown__list-item--gcal\">\n\t\t\t\t\t\t\t\t\t<a\n\t\t\t\t\t\t\t\t\t\thref=\"https:\/\/www.google.com\/calendar\/event?action=TEMPLATE&#038;dates=20240601T110000\/20240601T120000&#038;text=V%C3%A9lorution%20%C3%A0%20Ligug%C3%A9&#038;details=%3Cp%3ED%C3%A9part+place+de+la+Mairie+de+Ligug%C3%A9+direction+le+march%C3%A9+de+St+Benoit+avec+pique-nique+partag%C3%A9+l%27arriv%C3%A9e%2C+en+fanfare+et+animations.+%28pour+les+plus+motiv%C3%A9.e.s+un+passage+par+Renaudot%29.%3C%2Fp%3E+%3Cp%3EVenez+en+famille%2C+entre+ami%C2%B7e%C2%B7s+du+v%C3%A9lo+If+Retour+collectif+pr%C3%A9vu+%C3%A0+l%27issue+du+pique-nique.%3Cbr%3EEnviron+12km+aller-retour.%3C%2Fp%3E+%3Cp%3EV%C3%A9lorution+pour+une+obtenir+piste+cyclable+de+Ligug%C3%A9+au+coll%C3%A8ge+Renaudot%3C%2Fp%3E+&#038;location=Place%20du%20march\u00e9%20de%20Saint%20Beno\u00eet,%20Place%20du%208%20Mai%201945,%20Saint-Beno\u00eet,%2086280,%20France&#038;trp=false&#038;ctz=Europe\/Paris&#038;sprop=website:https:\/\/ligugesocial.club\/blog\"\n\t\t\t\t\t\t\t\t\t\tclass=\"tribe-events-c-subscribe-dropdown__list-item-link\"\n\t\t\t\t\t\t\t\t\t\ttarget=\"_blank\"\n\t\t\t\t\t\t\t\t\t\trel=\"noopener noreferrer nofollow noindex\"\n\t\t\t\t\t\t\t\t\t>\n\t\t\t\t\t\t\t\t\t\tGoogle Agenda\t\t\t\t\t\t\t\t\t<\/a>\n\t\t\t\t\t\t\t\t<\/li>\n\t\t\t\t\t\t\t\t\t\t\t\t\t\t\t<li class=\"tribe-events-c-subscribe-dropdown__list-item tribe-events-c-subscribe-dropdown__list-item--ical\">\n\t\t\t\t\t\t\t\t\t<a\n\t\t\t\t\t\t\t\t\t\thref=\"\"\n\t\t\t\t\t\t\t\t\t\tclass=\"tribe-events-c-subscribe-dropdown__list-item-link\"\n\t\t\t\t\t\t\t\t\t\ttarget=\"_blank\"\n\t\t\t\t\t\t\t\t\t\trel=\"noopener noreferrer nofollow noindex\"\n\t\t\t\t\t\t\t\t\t>\n\t\t\t\t\t\t\t\t\t\tiCalendar\t\t\t\t\t\t\t\t\t<\/a>\n\t\t\t\t\t\t\t\t<\/li>\n\t\t\t\t\t\t\t\t\t\t\t\t\t\t\t<li class=\"tribe-events-c-subscribe-dropdown__list-item tribe-events-c-subscribe-dropdown__list-item--outlook-365\">\n\t\t\t\t\t\t\t\t\t<a\n\t\t\t\t\t\t\t\t\t\thref=\"\"\n\t\t\t\t\t\t\t\t\t\tclass=\"tribe-events-c-subscribe-dropdown__list-item-link\"\n\t\t\t\t\t\t\t\t\t\ttarget=\"_blank\"\n\t\t\t\t\t\t\t\t\t\trel=\"noopener noreferrer nofollow noindex\"\n\t\t\t\t\t\t\t\t\t>\n\t\t\t\t\t\t\t\t\t\tOutlook 365\t\t\t\t\t\t\t\t\t<\/a>\n\t\t\t\t\t\t\t\t<\/li>\n\t\t\t\t\t\t\t\t\t\t\t\t\t\t\t<li class=\"tribe-events-c-subscribe-dropdown__list-item tribe-events-c-subscribe-dropdown__list-item--outlook-live\">\n\t\t\t\t\t\t\t\t\t<a\n\t\t\t\t\t\t\t\t\t\thref=\"\"\n\t\t\t\t\t\t\t\t\t\tclass=\"tribe-events-c-subscribe-dropdown__list-item-link\"\n\t\t\t\t\t\t\t\t\t\ttarget=\"_blank\"\n\t\t\t\t\t\t\t\t\t\trel=\"noopener noreferrer nofollow noindex\"\n\t\t\t\t\t\t\t\t\t>\n\t\t\t\t\t\t\t\t\t\tOutlook Live\t\t\t\t\t\t\t\t\t<\/a>\n\t\t\t\t\t\t\t\t<\/li>\n\t\t\t\t\t\t\t\t\t\t\t\t\t<\/ul>\n\t\t\t\t\t<\/div>\n\t\t\t\t<\/div>\n\t\t\t<\/div>\n\t\t<\/div>\n\t<\/div>\n\n","protected":false},"excerpt":{"rendered":"<p>D\u00e9part place de la Mairie de Ligug\u00e9 direction le march\u00e9 de St Benoit avec pique-nique partag\u00e9 l&rsquo;arriv\u00e9e, en fanfare et animations. (pour les plus motiv\u00e9.e.s un passage par Renaudot). Venez&#8230;<\/p>\n","protected":false},"author":2,"featured_media":739,"template":"","meta":{"_EventAllDay":false,"_EventTimezone":"UTC+1","_EventStartDate":"2024-06-01 11:00:00","_EventEndDate":"2024-06-01 12:00:00","_EventStartDateUTC":"2024-06-01 09:00:00","_EventEndDateUTC":"2024-06-01 10:00:00","_EventShowMap":false,"_EventShowMapLink":false,"_EventURL":"https:\/\/www.facebook.com\/events\/354607793752965","_EventCost":"0","_EventCostDescription":"","_EventCurrencySymbol":"\u20ac","_EventCurrencyCode":"EUR","_EventCurrencyPosition":"suffix","_EventDateTimeSeparator":" @ ","_EventTimeRangeSeparator":" - ","_EventOrganizerID":[737],"_EventVenueID":[738],"_OrganizerEmail":"","_OrganizerPhone":"","_OrganizerWebsite":"","_VenueAddress":"","_VenueCity":"","_VenueCountry":"","_VenueProvince":"","_VenueState":"","_VenueZip":"","_VenuePhone":"","_VenueURL":"","_VenueStateProvince":"","_VenueLat":"","_VenueLng":"","_VenueShowMap":false,"_VenueShowMapLink":false,"_kadence_starter_templates_imported_post":false,"_kad_post_transparent":"","_kad_post_title":"","_kad_post_layout":"","_kad_post_sidebar_id":"","_kad_post_content_style":"","_kad_post_vertical_padding":"","_kad_post_feature":"","_kad_post_feature_position":"","_kad_post_header":false,"_kad_post_footer":false,"_kad_post_classname":"","_tribe_events_status":"","_tribe_events_status_reason":"","footnotes":""},"tags":[],"tribe_events_cat":[],"class_list":["post-736","tribe_events","type-tribe_events","status-publish","has-post-thumbnail","hentry"],"_links":{"self":[{"href":"https:\/\/ligugesocial.club\/blog\/wp-json\/wp\/v2\/tribe_events\/736","targetHints":{"allow":["GET"]}}],"collection":[{"href":"https:\/\/ligugesocial.club\/blog\/wp-json\/wp\/v2\/tribe_events"}],"about":[{"href":"https:\/\/ligugesocial.club\/blog\/wp-json\/wp\/v2\/types\/tribe_events"}],"author":[{"embeddable":true,"href":"https:\/\/ligugesocial.club\/blog\/wp-json\/wp\/v2\/users\/2"}],"version-history":[{"count":1,"href":"https:\/\/ligugesocial.club\/blog\/wp-json\/wp\/v2\/tribe_events\/736\/revisions"}],"predecessor-version":[{"id":740,"href":"https:\/\/ligugesocial.club\/blog\/wp-json\/wp\/v2\/tribe_events\/736\/revisions\/740"}],"wp:featuredmedia":[{"embeddable":true,"href":"https:\/\/ligugesocial.club\/blog\/wp-json\/wp\/v2\/media\/739"}],"wp:attachment":[{"href":"https:\/\/ligugesocial.club\/blog\/wp-json\/wp\/v2\/media?parent=736"}],"wp:term":[{"taxonomy":"post_tag","embeddable":true,"href":"https:\/\/ligugesocial.club\/blog\/wp-json\/wp\/v2\/tags?post=736"},{"taxonomy":"tribe_events_cat","embeddable":true,"href":"https:\/\/ligugesocial.club\/blog\/wp-json\/wp\/v2\/tribe_events_cat?post=736"}],"curies":[{"name":"wp","href":"https:\/\/api.w.org\/{rel}","templated":true}]}}